{"id":1013,"date":"2021-08-15T15:07:19","date_gmt":"2021-08-15T15:07:19","guid":{"rendered":"http:\/\/www.gorseloykuler.com\/?page_id=1013"},"modified":"2021-08-19T12:51:10","modified_gmt":"2021-08-19T12:51:10","slug":"ahmet-ulger-3","status":"publish","type":"page","link":"http:\/\/www.gorseloykuler.com\/?page_id=1013","title":{"rendered":"Meric\u0327 Ulus\u0327ahin"},"content":{"rendered":"\n<div class=\"wp-block-media-text alignwide is-stacked-on-mobile\"><figure class=\"wp-block-media-text__media\"><img data-attachment-id=\"377\" data-permalink=\"http:\/\/www.gorseloykuler.com\/?attachment_id=377\" data-orig-file=\"http:\/\/www.gorseloykuler.com\/wp-content\/uploads\/2021\/08\/Meric\u0327-Ulus\u0327ahin_s0000_portre_Meric\u0327-Ulus\u0327ahin-portrefoto-1a057959-15ea-4a7e-b7d0-ce7bfffe5f8a.jpg\" data-orig-size=\"1015,1200\" data-comments-opened=\"1\" data-image-meta=\"{&quot;aperture&quot;:&quot;0&quot;,&quot;credit&quot;:&quot;&quot;,&quot;camera&quot;:&quot;&quot;,&quot;caption&quot;:&quot;&quot;,&quot;created_timestamp&quot;:&quot;0&quot;,&quot;copyright&quot;:&quot;&quot;,&quot;focal_length&quot;:&quot;0&quot;,&quot;iso&quot;:&quot;0&quot;,&quot;shutter_speed&quot;:&quot;0&quot;,&quot;title&quot;:&quot;&quot;,&quot;orientation&quot;:&quot;0&quot;}\" data-image-title=\"Meric\u0327 Ulus\u0327ahin_s0000_portre_Meric\u0327 Ulus\u0327ahin-portrefoto-1a057959-15ea-4a7e-b7d0-ce7bfffe5f8a\" data-image-description=\"\" data-image-caption=\"\" data-medium-file=\"http:\/\/www.gorseloykuler.com\/wp-content\/uploads\/2021\/08\/Meric\u0327-Ulus\u0327ahin_s0000_portre_Meric\u0327-Ulus\u0327ahin-portrefoto-1a057959-15ea-4a7e-b7d0-ce7bfffe5f8a-254x300.jpg\" data-large-file=\"http:\/\/www.gorseloykuler.com\/wp-content\/uploads\/2021\/08\/Meric\u0327-Ulus\u0327ahin_s0000_portre_Meric\u0327-Ulus\u0327ahin-portrefoto-1a057959-15ea-4a7e-b7d0-ce7bfffe5f8a-866x1024.jpg\" loading=\"lazy\" width=\"866\" height=\"1024\" src=\"http:\/\/www.gorseloykuler.com\/wp-content\/uploads\/2021\/08\/Meric\u0327-Ulus\u0327ahin_s0000_portre_Meric\u0327-Ulus\u0327ahin-portrefoto-1a057959-15ea-4a7e-b7d0-ce7bfffe5f8a-866x1024.jpg\" alt=\"\" class=\"wp-image-377 size-full\" srcset=\"http:\/\/www.gorseloykuler.com\/wp-content\/uploads\/2021\/08\/Meric\u0327-Ulus\u0327ahin_s0000_portre_Meric\u0327-Ulus\u0327ahin-portrefoto-1a057959-15ea-4a7e-b7d0-ce7bfffe5f8a-866x1024.jpg 866w, http:\/\/www.gorseloykuler.com\/wp-content\/uploads\/2021\/08\/Meric\u0327-Ulus\u0327ahin_s0000_portre_Meric\u0327-Ulus\u0327ahin-portrefoto-1a057959-15ea-4a7e-b7d0-ce7bfffe5f8a-254x300.jpg 254w, http:\/\/www.gorseloykuler.com\/wp-content\/uploads\/2021\/08\/Meric\u0327-Ulus\u0327ahin_s0000_portre_Meric\u0327-Ulus\u0327ahin-portrefoto-1a057959-15ea-4a7e-b7d0-ce7bfffe5f8a-768x908.jpg 768w, http:\/\/www.gorseloykuler.com\/wp-content\/uploads\/2021\/08\/Meric\u0327-Ulus\u0327ahin_s0000_portre_Meric\u0327-Ulus\u0327ahin-portrefoto-1a057959-15ea-4a7e-b7d0-ce7bfffe5f8a.jpg 1015w\" sizes=\"(max-width: 866px) 100vw, 866px\" \/><\/figure><div class=\"wp-block-media-text__content\">\n<p>1965 Mersin do\u011fumlu, Bo\u011fazi\u00e7i \u00dcniversitesi Ekonomi b\u00f6l\u00fcm\u00fc mezunu, Bankac\u0131 ve <a href=\"https:\/\/www.ifsak.org.tr\/\" target=\"_blank\" rel=\"noreferrer noopener\">\u0130FSAK<\/a> \u00fcyesiyim.<\/p>\n\n\n\n<p>Foto\u011fraf \u00e7ekmek benim i\u00e7in, hayat\u0131n tela\u015f\u0131 i\u00e7erisinde an\u0131 durdurabilmek, o an\u0131n i\u00e7inde&nbsp;&nbsp; duygular\u0131m\u0131 ve hayata bak\u0131\u015f\u0131m\u0131 belgelemek demek.<\/p>\n\n\n\n<p>Ya\u015famlar ve G\u00f6rsel \u00d6yk\u00fcler projesinin&nbsp; benim i\u00e7in bu anlamda&nbsp; \u00e7ok de\u011ferli bir \u00e7al\u0131\u015fma oldu\u011funa inan\u0131yorum.<\/p>\n\n\n\n<p><a href=\"@meric.ulusahin\" target=\"_blank\" rel=\"noreferrer noopener\">ins<\/a><a href=\"https:\/\/www.instagram.com\/meric.ulusahin\/\" target=\"_blank\" rel=\"noreferrer noopener\">tagram: @meric.ulusahin<\/a><\/p>\n\n\n\n<p>G\u00f6rsel \u00d6yk\u00fcs\u00fc: <a href=\"http:\/\/www.gorseloykuler.com\/?page_id=799\" target=\"_blank\" rel=\"noreferrer noopener\">Baharlar\u0131n Pe\u015finde<\/a><\/p>\n<\/div><\/div>\n","protected":false},"excerpt":{"rendered":"<p>1965 Mersin do\u011fumlu, Bo\u011fazi\u00e7i \u00dcniversitesi Ekonomi b\u00f6l\u00fcm\u00fc mezunu, Bankac\u0131 ve \u0130FSAK \u00fcyesiyim. Foto\u011fraf \u00e7ekmek benim i\u00e7in, hayat\u0131n tela\u015f\u0131 i\u00e7erisinde an\u0131 durdurabilmek, o an\u0131n i\u00e7inde&nbsp;&nbsp; duygular\u0131m\u0131&hellip; <\/p>\n","protected":false},"author":1,"featured_media":0,"parent":0,"menu_order":0,"comment_status":"closed","ping_status":"closed","template":"page-templates\/gallery-template.php","meta":{"spay_email":""},"_links":{"self":[{"href":"http:\/\/www.gorseloykuler.com\/index.php?rest_route=\/wp\/v2\/pages\/1013"}],"collection":[{"href":"http:\/\/www.gorseloykuler.com\/index.php?rest_route=\/wp\/v2\/pages"}],"about":[{"href":"http:\/\/www.gorseloykuler.com\/index.php?rest_route=\/wp\/v2\/types\/page"}],"author":[{"embeddable":true,"href":"http:\/\/www.gorseloykuler.com\/index.php?rest_route=\/wp\/v2\/users\/1"}],"replies":[{"embeddable":true,"href":"http:\/\/www.gorseloykuler.com\/index.php?rest_route=%2Fwp%2Fv2%2Fcomments&post=1013"}],"version-history":[{"count":4,"href":"http:\/\/www.gorseloykuler.com\/index.php?rest_route=\/wp\/v2\/pages\/1013\/revisions"}],"predecessor-version":[{"id":1356,"href":"http:\/\/www.gorseloykuler.com\/index.php?rest_route=\/wp\/v2\/pages\/1013\/revisions\/1356"}],"wp:attachment":[{"href":"http:\/\/www.gorseloykuler.com\/index.php?rest_route=%2Fwp%2Fv2%2Fmedia&parent=1013"}],"curies":[{"name":"wp","href":"https:\/\/api.w.org\/{rel}","templated":true}]}}