{"id":1016,"date":"2021-08-15T15:07:19","date_gmt":"2021-08-15T15:07:19","guid":{"rendered":"http:\/\/www.gorseloykuler.com\/?page_id=1016"},"modified":"2021-08-18T13:40:37","modified_gmt":"2021-08-18T13:40:37","slug":"ahmet-ulger-3-5","status":"publish","type":"page","link":"http:\/\/www.gorseloykuler.com\/?page_id=1016","title":{"rendered":"Nevzat Turgay Is\u0327\u0131kgo\u0308z"},"content":{"rendered":"\n<div class=\"wp-block-media-text alignwide is-stacked-on-mobile is-vertically-aligned-center\"><figure class=\"wp-block-media-text__media\"><img data-attachment-id=\"290\" data-permalink=\"http:\/\/www.gorseloykuler.com\/?attachment_id=290\" data-orig-file=\"http:\/\/www.gorseloykuler.com\/wp-content\/uploads\/2021\/08\/Nevzat-Turgay-Is\u0327ikgo\u0308z_s0000_portre_Nevzat-Turgay-Is\u0327ikgo\u0308z-portrefoto-nevzat-turgay-is\u0327ikgo\u0308z.jpg\" data-orig-size=\"1200,801\" data-comments-opened=\"1\" data-image-meta=\"{&quot;aperture&quot;:&quot;0&quot;,&quot;credit&quot;:&quot;&quot;,&quot;camera&quot;:&quot;&quot;,&quot;caption&quot;:&quot;&quot;,&quot;created_timestamp&quot;:&quot;1551796079&quot;,&quot;copyright&quot;:&quot;&quot;,&quot;focal_length&quot;:&quot;0&quot;,&quot;iso&quot;:&quot;0&quot;,&quot;shutter_speed&quot;:&quot;0&quot;,&quot;title&quot;:&quot;&quot;,&quot;orientation&quot;:&quot;0&quot;}\" data-image-title=\"Nevzat Turgay Is\u0327\u0131kgo\u0308z_s0000_portre_Nevzat Turgay Is\u0327\u0131kgo\u0308z-portrefoto-nevzat turgay \u0131s\u0327\u0131kgo\u0308z\" data-image-description=\"\" data-image-caption=\"\" data-medium-file=\"http:\/\/www.gorseloykuler.com\/wp-content\/uploads\/2021\/08\/Nevzat-Turgay-Is\u0327ikgo\u0308z_s0000_portre_Nevzat-Turgay-Is\u0327ikgo\u0308z-portrefoto-nevzat-turgay-is\u0327ikgo\u0308z-300x200.jpg\" data-large-file=\"http:\/\/www.gorseloykuler.com\/wp-content\/uploads\/2021\/08\/Nevzat-Turgay-Is\u0327ikgo\u0308z_s0000_portre_Nevzat-Turgay-Is\u0327ikgo\u0308z-portrefoto-nevzat-turgay-is\u0327ikgo\u0308z-1024x684.jpg\" loading=\"lazy\" width=\"1024\" height=\"684\" src=\"http:\/\/www.gorseloykuler.com\/wp-content\/uploads\/2021\/08\/Nevzat-Turgay-Is\u0327ikgo\u0308z_s0000_portre_Nevzat-Turgay-Is\u0327ikgo\u0308z-portrefoto-nevzat-turgay-is\u0327ikgo\u0308z-1024x684.jpg\" alt=\"\" class=\"wp-image-290 size-full\" srcset=\"http:\/\/www.gorseloykuler.com\/wp-content\/uploads\/2021\/08\/Nevzat-Turgay-Is\u0327ikgo\u0308z_s0000_portre_Nevzat-Turgay-Is\u0327ikgo\u0308z-portrefoto-nevzat-turgay-is\u0327ikgo\u0308z-1024x684.jpg 1024w, http:\/\/www.gorseloykuler.com\/wp-content\/uploads\/2021\/08\/Nevzat-Turgay-Is\u0327ikgo\u0308z_s0000_portre_Nevzat-Turgay-Is\u0327ikgo\u0308z-portrefoto-nevzat-turgay-is\u0327ikgo\u0308z-300x200.jpg 300w, http:\/\/www.gorseloykuler.com\/wp-content\/uploads\/2021\/08\/Nevzat-Turgay-Is\u0327ikgo\u0308z_s0000_portre_Nevzat-Turgay-Is\u0327ikgo\u0308z-portrefoto-nevzat-turgay-is\u0327ikgo\u0308z-768x513.jpg 768w, http:\/\/www.gorseloykuler.com\/wp-content\/uploads\/2021\/08\/Nevzat-Turgay-Is\u0327ikgo\u0308z_s0000_portre_Nevzat-Turgay-Is\u0327ikgo\u0308z-portrefoto-nevzat-turgay-is\u0327ikgo\u0308z.jpg 1200w\" sizes=\"(max-width: 1024px) 100vw, 1024px\" \/><\/figure><div class=\"wp-block-media-text__content\">\n<p>1966 y\u0131l\u0131nda Erzincan da do\u011fdum. \u0130lk, orta, lise \u00f6\u011frenimimi Erzincan lisesinde tamamlad\u0131m.<\/p>\n\n\n\n<p>Sel\u00e7uk \u00fcniversitesi \u0130n\u015faat M\u00fchendisli\u011fi b\u00f6l\u00fcm\u00fcn\u00fc bitirdim. 1990 y\u0131l\u0131nda ba\u015flad\u0131\u011f\u0131m m\u00fchendisli\u011fe&nbsp; devam etmekteyim.<\/p>\n\n\n\n<p>Foto\u011fraf \u00e7ekmeye uzun bir aradan sonra 2010 y\u0131l\u0131nda yeniden ba\u015flad\u0131m.2015 y\u0131l\u0131nda photofocus derne\u011fi&nbsp; 2016 y\u0131l\u0131nda ise \u0130FSAK \u00fcyeli\u011fim ba\u015flad\u0131.<\/p>\n\n\n\n<p>2017 y\u0131l\u0131nda photofocus derne\u011fi ile 6 ay s\u00fcren \u00e7al\u0131\u015fma sonunda\u00a0 \u201cKapal\u0131\u00e7ar\u015f\u0131\u201d belgeselini ve sergisini yapt\u0131k.<\/p>\n\n\n\n<p>2018 y\u0131l\u0131nda karma bir sergide foto\u011fraflar\u0131m yay\u0131nland\u0131. 2018 y\u0131l\u0131nda uluslar aras\u0131 AFIAP \u00fcnvan\u0131n\u0131 ald\u0131m. \u00c7e\u015fitli ulusal ve uluslararas\u0131 yar\u0131\u015fmalarda derecelerim oldu. \u0130FSAK\u2019ta \u00e7e\u015fitli seminer ve sunumlara kat\u0131ld\u0131m.<\/p>\n\n\n\n<p>Belgesel ve foto\u011fraf \u00f6yk\u00fcs\u00fc&nbsp; alan\u0131nda \u00e7al\u0131\u015fmalar\u0131m devam ediyor.<\/p>\n\n\n\n<p><a><\/a>2021 y\u0131l\u0131nda \u0130fsak&nbsp; b\u00fcnyesinde dan\u0131\u015fmanl\u0131\u011f\u0131n\u0131 Serkan Tura\u00e7\u2019\u0131n yapt\u0131\u011f\u0131 \u2018\u2019\u015eiirlerle \u0130stanbul\u2019\u2019 proje grubu olarak benim de foto\u011fraflar\u0131m\u0131n oldu\u011fu \u201c\u015eiirlerle \u0130stanbul &#8211; Bir \u0130stanbul Projesi\u201d kitab\u0131n\u0131 \u00e7\u0131kard\u0131k.<\/p>\n\n\n\n<p>\u201c\u015eantiye g\u00fcnl\u00fc\u011f\u00fc\u201d ad\u0131 alt\u0131nda belgesel&nbsp; projeme 1 senedir devam etmekteyim.<\/p>\n\n\n\n<p><a href=\"https:\/\/www.instagram.com\/nturgayisikgoz\/\">instagram: @<\/a><a rel=\"noreferrer noopener\" href=\"https:\/\/www.instagram.com\/nturgayisikgoz\/\" target=\"_blank\">nturgayisikgoz<\/a> cep tel:\u00a0 05322174132<\/p>\n\n\n\n<p>G\u00f6rsel \u00f6yk\u00fcs\u00fc:\u00a0 <a rel=\"noreferrer noopener\" href=\"http:\/\/www.gorseloykuler.com\/?page_id=814\" target=\"_blank\">D\u00f6k\u00fcmc\u00fcler<\/a><\/p>\n<\/div><\/div>\n","protected":false},"excerpt":{"rendered":"<p>1966 y\u0131l\u0131nda Erzincan da do\u011fdum. \u0130lk, orta, lise \u00f6\u011frenimimi Erzincan lisesinde tamamlad\u0131m. Sel\u00e7uk \u00fcniversitesi \u0130n\u015faat M\u00fchendisli\u011fi b\u00f6l\u00fcm\u00fcn\u00fc bitirdim. 1990 y\u0131l\u0131nda ba\u015flad\u0131\u011f\u0131m m\u00fchendisli\u011fe&nbsp; devam etmekteyim. Foto\u011fraf&hellip; <\/p>\n","protected":false},"author":1,"featured_media":0,"parent":0,"menu_order":0,"comment_status":"closed","ping_status":"closed","template":"page-templates\/gallery-template.php","meta":{"spay_email":""},"_links":{"self":[{"href":"http:\/\/www.gorseloykuler.com\/index.php?rest_route=\/wp\/v2\/pages\/1016"}],"collection":[{"href":"http:\/\/www.gorseloykuler.com\/index.php?rest_route=\/wp\/v2\/pages"}],"about":[{"href":"http:\/\/www.gorseloykuler.com\/index.php?rest_route=\/wp\/v2\/types\/page"}],"author":[{"embeddable":true,"href":"http:\/\/www.gorseloykuler.com\/index.php?rest_route=\/wp\/v2\/users\/1"}],"replies":[{"embeddable":true,"href":"http:\/\/www.gorseloykuler.com\/index.php?rest_route=%2Fwp%2Fv2%2Fcomments&post=1016"}],"version-history":[{"count":11,"href":"http:\/\/www.gorseloykuler.com\/index.php?rest_route=\/wp\/v2\/pages\/1016\/revisions"}],"predecessor-version":[{"id":1326,"href":"http:\/\/www.gorseloykuler.com\/index.php?rest_route=\/wp\/v2\/pages\/1016\/revisions\/1326"}],"wp:attachment":[{"href":"http:\/\/www.gorseloykuler.com\/index.php?rest_route=%2Fwp%2Fv2%2Fmedia&parent=1016"}],"curies":[{"name":"wp","href":"https:\/\/api.w.org\/{rel}","templated":true}]}}