{"id":1020,"date":"2021-08-15T15:07:19","date_gmt":"2021-08-15T15:07:19","guid":{"rendered":"http:\/\/www.gorseloykuler.com\/?page_id=1020"},"modified":"2021-08-18T13:59:55","modified_gmt":"2021-08-18T13:59:55","slug":"ahmet-ulger-3-9","status":"publish","type":"page","link":"http:\/\/www.gorseloykuler.com\/?page_id=1020","title":{"rendered":"Zafer Uysal"},"content":{"rendered":"\n<div class=\"wp-block-media-text alignwide is-stacked-on-mobile\"><figure class=\"wp-block-media-text__media\"><img data-attachment-id=\"186\" data-permalink=\"http:\/\/www.gorseloykuler.com\/?attachment_id=186\" data-orig-file=\"http:\/\/www.gorseloykuler.com\/wp-content\/uploads\/2021\/08\/Zafer-uysal_s0000_portre_Zafer-Uysal-portrefoto-Zafer_Vesikalik_BW.jpg\" data-orig-size=\"1200,1200\" data-comments-opened=\"1\" data-image-meta=\"{&quot;aperture&quot;:&quot;0&quot;,&quot;credit&quot;:&quot;&quot;,&quot;camera&quot;:&quot;&quot;,&quot;caption&quot;:&quot;&quot;,&quot;created_timestamp&quot;:&quot;0&quot;,&quot;copyright&quot;:&quot;&quot;,&quot;focal_length&quot;:&quot;0&quot;,&quot;iso&quot;:&quot;0&quot;,&quot;shutter_speed&quot;:&quot;0&quot;,&quot;title&quot;:&quot;&quot;,&quot;orientation&quot;:&quot;0&quot;}\" data-image-title=\"Zafer uysal_s0000_portre_Zafer Uysal-portrefoto-Zafer_Vesikal\u0131k_BW\" data-image-description=\"\" data-image-caption=\"\" data-medium-file=\"http:\/\/www.gorseloykuler.com\/wp-content\/uploads\/2021\/08\/Zafer-uysal_s0000_portre_Zafer-Uysal-portrefoto-Zafer_Vesikalik_BW-300x300.jpg\" data-large-file=\"http:\/\/www.gorseloykuler.com\/wp-content\/uploads\/2021\/08\/Zafer-uysal_s0000_portre_Zafer-Uysal-portrefoto-Zafer_Vesikalik_BW-1024x1024.jpg\" loading=\"lazy\" width=\"1024\" height=\"1024\" src=\"http:\/\/www.gorseloykuler.com\/wp-content\/uploads\/2021\/08\/Zafer-uysal_s0000_portre_Zafer-Uysal-portrefoto-Zafer_Vesikalik_BW-1024x1024.jpg\" alt=\"\" class=\"wp-image-186 size-full\" srcset=\"http:\/\/www.gorseloykuler.com\/wp-content\/uploads\/2021\/08\/Zafer-uysal_s0000_portre_Zafer-Uysal-portrefoto-Zafer_Vesikalik_BW-1024x1024.jpg 1024w, http:\/\/www.gorseloykuler.com\/wp-content\/uploads\/2021\/08\/Zafer-uysal_s0000_portre_Zafer-Uysal-portrefoto-Zafer_Vesikalik_BW-300x300.jpg 300w, http:\/\/www.gorseloykuler.com\/wp-content\/uploads\/2021\/08\/Zafer-uysal_s0000_portre_Zafer-Uysal-portrefoto-Zafer_Vesikalik_BW-150x150.jpg 150w, http:\/\/www.gorseloykuler.com\/wp-content\/uploads\/2021\/08\/Zafer-uysal_s0000_portre_Zafer-Uysal-portrefoto-Zafer_Vesikalik_BW-768x768.jpg 768w, http:\/\/www.gorseloykuler.com\/wp-content\/uploads\/2021\/08\/Zafer-uysal_s0000_portre_Zafer-Uysal-portrefoto-Zafer_Vesikalik_BW-75x75.jpg 75w, http:\/\/www.gorseloykuler.com\/wp-content\/uploads\/2021\/08\/Zafer-uysal_s0000_portre_Zafer-Uysal-portrefoto-Zafer_Vesikalik_BW.jpg 1200w\" sizes=\"(max-width: 1024px) 100vw, 1024px\" \/><\/figure><div class=\"wp-block-media-text__content\">\n<p>1975 do\u011fumlu, profesyonel ya\u015fam\u0131nda m\u00fchendis olarak \u00e7al\u0131\u015f\u0131yor.<\/p>\n\n\n\n<p>2015 y\u0131l\u0131nda Muammer Yanmaz\u2019\u0131n at\u00f6lyesinde foto\u011fraf ile tan\u0131\u015ft\u0131. 40 Haramiler grubu ile \u00e7e\u015fitli at\u00f6lye \u00e7al\u0131\u015fmalar\u0131 ve ortak sergilere kat\u0131ld\u0131. <a href=\"https:\/\/www.ifsak.org.tr\/\" target=\"_blank\" rel=\"noreferrer noopener\">\u0130FSAK<\/a> kanatlar\u0131 alt\u0131nda d\u00fczenlenen Serkan Tura\u00e7 ile \u015eiirlerle \u0130stanbul ve Ya\u015famlar G\u00f6rsel \u00d6yk\u00fcler at\u00f6lyeleri\u00a0 sayesinde yeni bak\u0131\u015f a\u00e7\u0131lar\u0131 kazand\u0131\u011f\u0131na inan\u0131yor. B\u00fcy\u00fck bir tutku ile \u0131\u015f\u0131\u011f\u0131n pe\u015finde foto\u011fraf \u00e7ekmeye ve amat\u00f6r foto\u011fraf\u00e7\u0131 olma yolunda kendini geli\u015ftirmeye \u00e7al\u0131\u015f\u0131yor. Foto\u011fraf yolculu\u011funda farkl\u0131 mecralarda g\u00f6r\u00fc\u015fmek \u00fczere\u2026<\/p>\n\n\n\n<p><a href=\"https:\/\/www.instagram.com\/zaferuysal.pro\/\" target=\"_blank\" rel=\"noreferrer noopener\">Instagram : @zaferuysal.pro<\/a><\/p>\n\n\n\n<p>Web : <a href=\"http:\/\/www.zaferuysal.pro\">http:\/\/www.zaferuysal.pro<\/a><\/p>\n\n\n\n<p>G\u00f6rsel \u00d6yk\u00fcs\u00fc: <a rel=\"noreferrer noopener\" href=\"http:\/\/www.gorseloykuler.com\/?page_id=823\" target=\"_blank\">Edirnekap\u0131 Ku\u015f Pazar\u0131<\/a><\/p>\n<\/div><\/div>\n\n\n\n<p><\/p>\n","protected":false},"excerpt":{"rendered":"<p>1975 do\u011fumlu, profesyonel ya\u015fam\u0131nda m\u00fchendis olarak \u00e7al\u0131\u015f\u0131yor. 2015 y\u0131l\u0131nda Muammer Yanmaz\u2019\u0131n at\u00f6lyesinde foto\u011fraf ile tan\u0131\u015ft\u0131. 40 Haramiler grubu ile \u00e7e\u015fitli at\u00f6lye \u00e7al\u0131\u015fmalar\u0131 ve ortak sergilere&hellip; <\/p>\n","protected":false},"author":1,"featured_media":0,"parent":0,"menu_order":0,"comment_status":"closed","ping_status":"closed","template":"page-templates\/gallery-template.php","meta":{"spay_email":""},"_links":{"self":[{"href":"http:\/\/www.gorseloykuler.com\/index.php?rest_route=\/wp\/v2\/pages\/1020"}],"collection":[{"href":"http:\/\/www.gorseloykuler.com\/index.php?rest_route=\/wp\/v2\/pages"}],"about":[{"href":"http:\/\/www.gorseloykuler.com\/index.php?rest_route=\/wp\/v2\/types\/page"}],"author":[{"embeddable":true,"href":"http:\/\/www.gorseloykuler.com\/index.php?rest_route=\/wp\/v2\/users\/1"}],"replies":[{"embeddable":true,"href":"http:\/\/www.gorseloykuler.com\/index.php?rest_route=%2Fwp%2Fv2%2Fcomments&post=1020"}],"version-history":[{"count":4,"href":"http:\/\/www.gorseloykuler.com\/index.php?rest_route=\/wp\/v2\/pages\/1020\/revisions"}],"predecessor-version":[{"id":1336,"href":"http:\/\/www.gorseloykuler.com\/index.php?rest_route=\/wp\/v2\/pages\/1020\/revisions\/1336"}],"wp:attachment":[{"href":"http:\/\/www.gorseloykuler.com\/index.php?rest_route=%2Fwp%2Fv2%2Fmedia&parent=1020"}],"curies":[{"name":"wp","href":"https:\/\/api.w.org\/{rel}","templated":true}]}}