{"id":833,"date":"2021-08-13T19:50:16","date_gmt":"2021-08-13T19:50:16","guid":{"rendered":"http:\/\/www.gorseloykuler.com\/?page_id=833"},"modified":"2021-08-18T14:04:23","modified_gmt":"2021-08-18T14:04:23","slug":"proje-hakkinda","status":"publish","type":"page","link":"http:\/\/www.gorseloykuler.com\/?page_id=833","title":{"rendered":"Proje Hakk\u0131nda"},"content":{"rendered":"\n<p><strong>\u201cYa\u015famlar G\u00f6rsel \u00d6yk\u00fcler\u201d<\/strong><\/p>\n\n\n\n<p>\u0130nsanlar\u0131n ya\u015fam tarzlar\u0131 ve sosyal yap\u0131lar\u0131 birbirinden her zaman farkl\u0131d\u0131r. De\u011fi\u015fkenlik g\u00f6steren bu yap\u0131 i\u00e7inde ger\u00e7ekli\u011fi g\u00f6rmemiz ya\u015famlara tan\u0131kl\u0131k ederek m\u00fcmk\u00fcnd\u00fcr. Foto\u011frafta kurmacan\u0131n kendisine yer bulamad\u0131\u011f\u0131 ger\u00e7ek \u00f6yk\u00fclerin pe\u015finden gitmek ve \u00f6zg\u00fcn\/g\u00f6rsel dil olu\u015fturmak hayat\u0131 bize hissettirir. Bu ba\u011flamda ortamda yokmu\u015f\u00e7as\u0131na foto\u011fraf \u00e7ekebilmek ba\u015far\u0131n\u0131n s\u0131rr\u0131d\u0131r. Biz bu projede, \u00e7evremizdeki ya\u015famlara g\u00f6rsel olarak yakla\u015ft\u0131k. Ki\u015filerin ya\u015famlar\u0131na bizzat \u015fahit olduk. \u0130\u00e7indeydik t\u00fcm detaylar\u0131n ama d\u0131\u015far\u0131dan bir \u00e7ift g\u00f6zle dokunduk ya\u015fad\u0131klar\u0131na\u2026<\/p>\n\n\n\n<p>\u0130FSAK \u00e7at\u0131s\u0131 alt\u0131nda ger\u00e7ekle\u015fen, g\u00f6rsel \u00fczerinde farkl\u0131 bir dil olu\u015fturma konusunu i\u015fleyen projemizde; farkl\u0131l\u0131klar\u0131n b\u00fct\u00fcn\u00fcnde, neyi nas\u0131l anlat\u0131r\u0131z\/anlatmal\u0131y\u0131z, g\u00f6rsel dil bizi nereye ta\u015f\u0131r, detaylardan b\u00fct\u00fcne nas\u0131l bak\u0131l\u0131r, foto\u011fraf \u00e7ekme incelikleri ve \u00f6yk\u00fclerden foto\u011frafa uzanan seminer s\u00fcrecini ya\u015fad\u0131k.<\/p>\n\n\n\n<p>23 arkada\u015f\u0131m\u0131zla yola \u00e7\u0131kt\u0131k. <a href=\"http:\/\/www.gorseloykuler.com\/?page_id=842\" target=\"_blank\" rel=\"noreferrer noopener\">20 kat\u0131l\u0131mc\u0131<\/a> ile tamamlad\u0131k. \u00dcrettik, \u00f6\u011frendik, payla\u015ft\u0131k ve hayatlara dokunduk. Proje kapsam\u0131nda, T\u00fcrk foto\u011fraf\u0131ndan \u00f6rnekler, detaylar, g\u00f6rsel anlat\u0131mlar\u0131 i\u015fledik. Foto\u011fraf konu\u015ftuk, tart\u0131\u015ft\u0131k ve irdeledik. Usta foto\u011fraf\u00e7\u0131lar referans ald\u0131\u011f\u0131m\u0131z \u0131\u015f\u0131klar oldular. Konuklar\u0131m\u0131z; kendi \u00e7al\u0131\u015fmalar\u0131yla bize \u00e7ok \u015fey katan <strong><em><a rel=\"noreferrer noopener\" href=\"http:\/\/www.cengizkarliova.com\/\" target=\"_blank\">Cengiz Karl\u0131ova<\/a><\/em><\/strong> ve <strong><em><a rel=\"noreferrer noopener\" href=\"https:\/\/www.instagram.com\/yasinakgul2\/?hl=en\" target=\"_blank\">Yasin Akg\u00fcl<\/a>\u2019e,<\/em><\/strong> internet sitesi \u00e7al\u0131\u015fmas\u0131 i\u00e7in de\u011ferli kat\u0131l\u0131mc\u0131m\u0131z <strong><em><a rel=\"noreferrer noopener\" href=\"http:\/\/www.gorseloykuler.com\/?page_id=1015\" target=\"_blank\">Mustafa \u00d6z<\/a>\u2019e<\/em><\/strong>, d\u00fczenleme i\u00e7in <strong><em><a rel=\"noreferrer noopener\" href=\"http:\/\/www.gorseloykuler.com\/?page_id=979\" target=\"_blank\">\u0130brahim Gen\u00e7<\/a>\u2019e<\/em><\/strong>, g\u00f6rsel a\u00e7\u0131dan bizi doyuracak \u00e7al\u0131\u015fmalar ortaya koyan t\u00fcm kat\u0131l\u0131mc\u0131 arkada\u015flar\u0131m\u0131za te\u015fekk\u00fcr ediyorum. Ayr\u0131ca \u00e7at\u0131m\u0131z, ailemiz <a rel=\"noreferrer noopener\" href=\"https:\/\/www.ifsak.org.tr\/\" target=\"_blank\">\u0130FSAK<\/a> ve y\u00f6netimine, dan\u0131\u015fman yard\u0131mc\u0131s\u0131 <strong><a rel=\"noreferrer noopener\" href=\"https:\/\/www.ifsak.org.tr\/uye\/tolga-ildun\/\" target=\"_blank\">Tolga \u0130ldun<\/a>&#8216;a da<\/strong> desteklerinden dolay\u0131 sonsuz te\u015fekk\u00fcrler\u2026.<\/p>\n\n\n\n<p>Projede \u00e7al\u0131\u015f\u0131lan konular\u0131 kat\u0131l\u0131mc\u0131lar kendileri se\u00e7ip, ya\u015famlara d\u00e2hil oldular\u2026 Bu s\u00fcre\u00e7te yol \u00e7izmeleri ve g\u00f6rsel dil olu\u015fturmada kendilerine \u0131\u015f\u0131k tutman\u0131n mutlu\u011funu ta\u015f\u0131yorum.<\/p>\n\n\n\n<p><strong><em>Projede g\u00f6rselleri kendimiz ekti\u011fimizden, hasad\u0131 size b\u0131rak\u0131yoruz.<\/em><\/strong><\/p>\n\n\n\n<p><strong>Proje Y\u00f6neticisi ve Dan\u0131\u015fman: <a href=\"https:\/\/www.serkanturac.com\/\" target=\"_blank\" rel=\"noreferrer noopener\">Serkan Tura\u00e7<\/a><\/strong><\/p>\n","protected":false},"excerpt":{"rendered":"<p>\u201cYa\u015famlar G\u00f6rsel \u00d6yk\u00fcler\u201d \u0130nsanlar\u0131n ya\u015fam tarzlar\u0131 ve sosyal yap\u0131lar\u0131 birbirinden her zaman farkl\u0131d\u0131r. De\u011fi\u015fkenlik g\u00f6steren bu yap\u0131 i\u00e7inde ger\u00e7ekli\u011fi g\u00f6rmemiz ya\u015famlara tan\u0131kl\u0131k ederek m\u00fcmk\u00fcnd\u00fcr. Foto\u011frafta&hellip; <\/p>\n","protected":false},"author":1,"featured_media":0,"parent":0,"menu_order":0,"comment_status":"closed","ping_status":"closed","template":"page-templates\/aboutus-template.php","meta":{"spay_email":""},"_links":{"self":[{"href":"http:\/\/www.gorseloykuler.com\/index.php?rest_route=\/wp\/v2\/pages\/833"}],"collection":[{"href":"http:\/\/www.gorseloykuler.com\/index.php?rest_route=\/wp\/v2\/pages"}],"about":[{"href":"http:\/\/www.gorseloykuler.com\/index.php?rest_route=\/wp\/v2\/types\/page"}],"author":[{"embeddable":true,"href":"http:\/\/www.gorseloykuler.com\/index.php?rest_route=\/wp\/v2\/users\/1"}],"replies":[{"embeddable":true,"href":"http:\/\/www.gorseloykuler.com\/index.php?rest_route=%2Fwp%2Fv2%2Fcomments&post=833"}],"version-history":[{"count":25,"href":"http:\/\/www.gorseloykuler.com\/index.php?rest_route=\/wp\/v2\/pages\/833\/revisions"}],"predecessor-version":[{"id":1337,"href":"http:\/\/www.gorseloykuler.com\/index.php?rest_route=\/wp\/v2\/pages\/833\/revisions\/1337"}],"wp:attachment":[{"href":"http:\/\/www.gorseloykuler.com\/index.php?rest_route=%2Fwp%2Fv2%2Fmedia&parent=833"}],"curies":[{"name":"wp","href":"https:\/\/api.w.org\/{rel}","templated":true}]}}